{"id":2046,"date":"2022-05-26T13:07:52","date_gmt":"2022-05-26T11:07:52","guid":{"rendered":"https:\/\/graphisme-toulouse.fr\/?page_id=2046"},"modified":"2026-04-28T11:34:16","modified_gmt":"2026-04-28T09:34:16","slug":"stages-et-expos","status":"publish","type":"page","link":"https:\/\/graphisme-toulouse.fr\/index.php\/stages-et-expos\/","title":{"rendered":"Stages &#038; expos"},"content":{"rendered":"\t\t<div data-elementor-type=\"wp-page\" data-elementor-id=\"2046\" class=\"elementor elementor-2046\">\n\t\t\t\t\t\t<section class=\"elementor-section elementor-top-section elementor-element elementor-element-9e05320 elementor-section-boxed elementor-section-height-default elementor-section-height-default\" data-id=\"9e05320\" data-element_type=\"section\" data-e-type=\"section\" data-settings=\"{&quot;background_background&quot;:&quot;classic&quot;}\">\n\t\t\t\t\t\t<div class=\"elementor-container elementor-column-gap-default\">\n\t\t\t\t\t<div class=\"elementor-column elementor-col-100 elementor-top-column elementor-element elementor-element-6b03962\" data-id=\"6b03962\" data-element_type=\"column\" data-e-type=\"column\">\n\t\t\t<div class=\"elementor-widget-wrap elementor-element-populated\">\n\t\t\t\t\t\t<div class=\"elementor-element elementor-element-e7ff35d elementor-widget elementor-widget-spacer\" data-id=\"e7ff35d\" data-element_type=\"widget\" data-e-type=\"widget\" data-widget_type=\"spacer.default\">\n\t\t\t\t<div class=\"elementor-widget-container\">\n\t\t\t\t\t\t\t<div class=\"elementor-spacer\">\n\t\t\t<div class=\"elementor-spacer-inner\"><\/div>\n\t\t<\/div>\n\t\t\t\t\t\t<\/div>\n\t\t\t\t<\/div>\n\t\t\t\t<div class=\"elementor-element elementor-element-0ac7421 elementor-widget elementor-widget-heading\" data-id=\"0ac7421\" data-element_type=\"widget\" data-e-type=\"widget\" data-widget_type=\"heading.default\">\n\t\t\t\t<div class=\"elementor-widget-container\">\n\t\t\t\t\t<h1 class=\"elementor-heading-title elementor-size-default\">Stages &amp; expos<\/h1>\t\t\t\t<\/div>\n\t\t\t\t<\/div>\n\t\t\t\t<div class=\"elementor-element elementor-element-f5e1aa6 elementor-widget elementor-widget-spacer\" data-id=\"f5e1aa6\" data-element_type=\"widget\" data-e-type=\"widget\" data-widget_type=\"spacer.default\">\n\t\t\t\t<div class=\"elementor-widget-container\">\n\t\t\t\t\t\t\t<div class=\"elementor-spacer\">\n\t\t\t<div class=\"elementor-spacer-inner\"><\/div>\n\t\t<\/div>\n\t\t\t\t\t\t<\/div>\n\t\t\t\t<\/div>\n\t\t\t\t\t<\/div>\n\t\t<\/div>\n\t\t\t\t\t<\/div>\n\t\t<\/section>\n\t\t<div class=\"elementor-element elementor-element-b67d666 e-flex e-con-boxed e-con e-parent\" data-id=\"b67d666\" data-element_type=\"container\" data-e-type=\"container\">\n\t\t\t\t\t<div class=\"e-con-inner\">\n\t\t\t\t<div class=\"elementor-element elementor-element-5ad5e60 elementor-widget elementor-widget-spacer\" data-id=\"5ad5e60\" data-element_type=\"widget\" data-e-type=\"widget\" data-widget_type=\"spacer.default\">\n\t\t\t\t<div class=\"elementor-widget-container\">\n\t\t\t\t\t\t\t<div class=\"elementor-spacer\">\n\t\t\t<div class=\"elementor-spacer-inner\"><\/div>\n\t\t<\/div>\n\t\t\t\t\t\t<\/div>\n\t\t\t\t<\/div>\n\t\t\t\t\t<\/div>\n\t\t\t\t<\/div>\n\t\t\t\t<section class=\"elementor-section elementor-top-section elementor-element elementor-element-efb8a75 elementor-section-boxed elementor-section-height-default elementor-section-height-default\" data-id=\"efb8a75\" data-element_type=\"section\" data-e-type=\"section\">\n\t\t\t\t\t\t<div class=\"elementor-container elementor-column-gap-default\">\n\t\t\t\t\t<div class=\"elementor-column elementor-col-100 elementor-top-column elementor-element elementor-element-1c9ef3a\" data-id=\"1c9ef3a\" data-element_type=\"column\" data-e-type=\"column\">\n\t\t\t<div class=\"elementor-widget-wrap elementor-element-populated\">\n\t\t\t\t\t\t<div class=\"elementor-element elementor-element-c16f0eb elementor-widget elementor-widget-heading\" data-id=\"c16f0eb\" data-element_type=\"widget\" data-e-type=\"widget\" data-widget_type=\"heading.default\">\n\t\t\t\t<div class=\"elementor-widget-container\">\n\t\t\t\t\t<h1 class=\"elementor-heading-title elementor-size-default\">Stages de dessin de mod\u00e8le vivant juillet et aout 2026<\/h1>\t\t\t\t<\/div>\n\t\t\t\t<\/div>\n\t\t\t\t\t<\/div>\n\t\t<\/div>\n\t\t\t\t\t<\/div>\n\t\t<\/section>\n\t\t<div class=\"elementor-element elementor-element-56ea7ee e-flex e-con-boxed e-con e-parent\" data-id=\"56ea7ee\" data-element_type=\"container\" data-e-type=\"container\" data-settings=\"{&quot;background_background&quot;:&quot;classic&quot;}\">\n\t\t\t\t\t<div class=\"e-con-inner\">\n\t\t<div class=\"elementor-element elementor-element-0208dca e-con-full e-flex e-con e-child\" data-id=\"0208dca\" data-element_type=\"container\" data-e-type=\"container\">\n\t\t\t\t<div class=\"elementor-element elementor-element-8258214 elementor-widget elementor-widget-image\" data-id=\"8258214\" data-element_type=\"widget\" data-e-type=\"widget\" data-widget_type=\"image.default\">\n\t\t\t\t<div class=\"elementor-widget-container\">\n\t\t\t\t\t\t\t\t\t\t\t\t\t\t\t<img fetchpriority=\"high\" decoding=\"async\" width=\"574\" height=\"800\" src=\"https:\/\/graphisme-toulouse.fr\/wp-content\/uploads\/2026\/04\/STAGE-MODELE-VIVANT-DESSIN-AXELLE-PICARD-JUILLET-2026-TOULOUSE-LACROIX-FALGARDE.png\" class=\"attachment-large size-large wp-image-5384\" alt=\"\" srcset=\"https:\/\/graphisme-toulouse.fr\/wp-content\/uploads\/2026\/04\/STAGE-MODELE-VIVANT-DESSIN-AXELLE-PICARD-JUILLET-2026-TOULOUSE-LACROIX-FALGARDE.png 574w, https:\/\/graphisme-toulouse.fr\/wp-content\/uploads\/2026\/04\/STAGE-MODELE-VIVANT-DESSIN-AXELLE-PICARD-JUILLET-2026-TOULOUSE-LACROIX-FALGARDE-215x300.png 215w\" sizes=\"(max-width: 574px) 100vw, 574px\" \/>\t\t\t\t\t\t\t\t\t\t\t\t\t\t\t<\/div>\n\t\t\t\t<\/div>\n\t\t\t\t<\/div>\n\t\t<div class=\"elementor-element elementor-element-5d2d72a e-con-full e-flex e-con e-child\" data-id=\"5d2d72a\" data-element_type=\"container\" data-e-type=\"container\">\n\t\t\t\t<div class=\"elementor-element elementor-element-f93bd8c elementor-widget elementor-widget-image\" data-id=\"f93bd8c\" data-element_type=\"widget\" data-e-type=\"widget\" data-widget_type=\"image.default\">\n\t\t\t\t<div class=\"elementor-widget-container\">\n\t\t\t\t\t\t\t\t\t\t\t\t\t\t\t<img decoding=\"async\" width=\"574\" height=\"800\" src=\"https:\/\/graphisme-toulouse.fr\/wp-content\/uploads\/2026\/04\/STAGE-MODELE-VIVANT-creatif-DESSIN-AXELLE-PICARD-JUILLET-2026-TOULOUSE-LACROIX-FALGARDE.png\" class=\"attachment-large size-large wp-image-5385\" alt=\"\" srcset=\"https:\/\/graphisme-toulouse.fr\/wp-content\/uploads\/2026\/04\/STAGE-MODELE-VIVANT-creatif-DESSIN-AXELLE-PICARD-JUILLET-2026-TOULOUSE-LACROIX-FALGARDE.png 574w, https:\/\/graphisme-toulouse.fr\/wp-content\/uploads\/2026\/04\/STAGE-MODELE-VIVANT-creatif-DESSIN-AXELLE-PICARD-JUILLET-2026-TOULOUSE-LACROIX-FALGARDE-215x300.png 215w\" sizes=\"(max-width: 574px) 100vw, 574px\" \/>\t\t\t\t\t\t\t\t\t\t\t\t\t\t\t<\/div>\n\t\t\t\t<\/div>\n\t\t\t\t<\/div>\n\t\t<div class=\"elementor-element elementor-element-980c559 e-con-full e-flex e-con e-child\" data-id=\"980c559\" data-element_type=\"container\" data-e-type=\"container\">\n\t\t\t\t<div class=\"elementor-element elementor-element-93d88b7 elementor-widget elementor-widget-image\" data-id=\"93d88b7\" data-element_type=\"widget\" data-e-type=\"widget\" data-widget_type=\"image.default\">\n\t\t\t\t<div class=\"elementor-widget-container\">\n\t\t\t\t\t\t\t\t\t\t\t\t\t\t\t<img decoding=\"async\" width=\"574\" height=\"800\" src=\"https:\/\/graphisme-toulouse.fr\/wp-content\/uploads\/2026\/04\/STAGE-creation-MODELE-VIVANT-DESSIN-AXELLE-PICARD-JUILLET-2026-TOULOUSE-LACROIX-FALGARDE.png\" class=\"attachment-large size-large wp-image-5386\" alt=\"\" srcset=\"https:\/\/graphisme-toulouse.fr\/wp-content\/uploads\/2026\/04\/STAGE-creation-MODELE-VIVANT-DESSIN-AXELLE-PICARD-JUILLET-2026-TOULOUSE-LACROIX-FALGARDE.png 574w, https:\/\/graphisme-toulouse.fr\/wp-content\/uploads\/2026\/04\/STAGE-creation-MODELE-VIVANT-DESSIN-AXELLE-PICARD-JUILLET-2026-TOULOUSE-LACROIX-FALGARDE-215x300.png 215w\" sizes=\"(max-width: 574px) 100vw, 574px\" \/>\t\t\t\t\t\t\t\t\t\t\t\t\t\t\t<\/div>\n\t\t\t\t<\/div>\n\t\t\t\t<\/div>\n\t\t\t\t\t<\/div>\n\t\t\t\t<\/div>\n\t\t\t\t<section class=\"elementor-section elementor-top-section elementor-element elementor-element-6d7dd53 elementor-section-boxed elementor-section-height-default elementor-section-height-default\" data-id=\"6d7dd53\" data-element_type=\"section\" data-e-type=\"section\" data-settings=\"{&quot;background_background&quot;:&quot;classic&quot;}\">\n\t\t\t\t\t\t<div class=\"elementor-container elementor-column-gap-wide\">\n\t\t\t\t\t<div class=\"elementor-column elementor-col-50 elementor-top-column elementor-element elementor-element-682a64b\" data-id=\"682a64b\" data-element_type=\"column\" data-e-type=\"column\">\n\t\t\t<div class=\"elementor-widget-wrap elementor-element-populated\">\n\t\t\t\t\t\t<div class=\"elementor-element elementor-element-1a3c39c elementor-widget elementor-widget-heading\" data-id=\"1a3c39c\" data-element_type=\"widget\" data-e-type=\"widget\" data-widget_type=\"heading.default\">\n\t\t\t\t<div class=\"elementor-widget-container\">\n\t\t\t\t\t<h2 class=\"elementor-heading-title elementor-size-default\">S\u00c9ANCES LIBRES DE mod\u00e8le vivant <\/h2>\t\t\t\t<\/div>\n\t\t\t\t<\/div>\n\t\t\t\t<div class=\"elementor-element elementor-element-6c546b7 elementor-widget elementor-widget-heading\" data-id=\"6c546b7\" data-element_type=\"widget\" data-e-type=\"widget\" data-widget_type=\"heading.default\">\n\t\t\t\t<div class=\"elementor-widget-container\">\n\t\t\t\t\t<h2 class=\"elementor-heading-title elementor-size-default\">samedi 4 juillet 2026 de 10h \u00e0 16h<\/h2>\t\t\t\t<\/div>\n\t\t\t\t<\/div>\n\t\t\t\t<div class=\"elementor-element elementor-element-4cea131 elementor-widget elementor-widget-heading\" data-id=\"4cea131\" data-element_type=\"widget\" data-e-type=\"widget\" data-widget_type=\"heading.default\">\n\t\t\t\t<div class=\"elementor-widget-container\">\n\t\t\t\t\t<h2 class=\"elementor-heading-title elementor-size-default\">samedi 29 AOUt 2026 de 10h \u00e0 16h<\/h2>\t\t\t\t<\/div>\n\t\t\t\t<\/div>\n\t\t\t\t<div class=\"elementor-element elementor-element-3122783 elementor-widget elementor-widget-text-editor\" data-id=\"3122783\" data-element_type=\"widget\" data-e-type=\"widget\" data-widget_type=\"text-editor.default\">\n\t\t\t\t<div class=\"elementor-widget-container\">\n\t\t\t\t\t\t\t\t\t<p>S\u00e9ances libres exceptionnelles de mod\u00e8le vivant sur une journ\u00e9e enti\u00e8re<strong> les samedis 4 juillet et 29 ao\u00fbt 2026 de 10h \u00e0 16h \u00e0 Lacroix-Falgarde<\/strong>.<\/p><ul><li>De 10h \u00e0 12h30 : Un premier mod\u00e8le fera des poses courtes\/moyennes et longues le matin.<\/li><li>De 13h30 \u00e0 16h : Pose unique avec un deuxi\u00e8me mod\u00e8le.<\/li><\/ul><p>Nous ferons une pause auberge espagnole de 12h30 \u00e0 13h30.\u00a0<\/p><p><strong>L\u2019atelier aura lieu \u00e0 Lacroix Falgarde, salle Danton Cazelles. La salle est balis\u00e9e depuis le parking de la mairie.<\/strong><\/p><p>Le tarif est de 60\u20ac mod\u00e8les compris. (pr\u00e9voir 10\u20ac en esp\u00e8ces pour le mod\u00e8le)<\/p><p>Possibilit\u00e9 de ne faire qu&rsquo;une seule demi-journ\u00e9e.<\/p><p><strong>Cette s\u00e9ance libre de mod\u00e8le vivant est accessible \u00e0 tous niveaux<\/strong> (d\u00e9butants, amateurs, professionnels). Je me ferai un plaisir d&rsquo;aider ceux qui le souhaitent.<\/p><p>Inscription et renseignements par mail axellepicard@yahoo.fr<\/p>\t\t\t\t\t\t\t\t<\/div>\n\t\t\t\t<\/div>\n\t\t\t\t\t<\/div>\n\t\t<\/div>\n\t\t\t\t<div class=\"elementor-column elementor-col-50 elementor-top-column elementor-element elementor-element-6d19980\" data-id=\"6d19980\" data-element_type=\"column\" data-e-type=\"column\">\n\t\t\t<div class=\"elementor-widget-wrap elementor-element-populated\">\n\t\t\t\t\t\t<div class=\"elementor-element elementor-element-ccaed6a elementor-widget elementor-widget-heading\" data-id=\"ccaed6a\" data-element_type=\"widget\" data-e-type=\"widget\" data-widget_type=\"heading.default\">\n\t\t\t\t<div class=\"elementor-widget-container\">\n\t\t\t\t\t<h2 class=\"elementor-heading-title elementor-size-default\">STAGE CR\u00c9ATIF DE  MOD\u00c8LE VIVANT<\/h2>\t\t\t\t<\/div>\n\t\t\t\t<\/div>\n\t\t\t\t<div class=\"elementor-element elementor-element-e33184e elementor-widget elementor-widget-heading\" data-id=\"e33184e\" data-element_type=\"widget\" data-e-type=\"widget\" data-widget_type=\"heading.default\">\n\t\t\t\t<div class=\"elementor-widget-container\">\n\t\t\t\t\t<h2 class=\"elementor-heading-title elementor-size-default\">Du 6 au 10 juillet 2026 de 10h \u00e0 13h<\/h2>\t\t\t\t<\/div>\n\t\t\t\t<\/div>\n\t\t\t\t<div class=\"elementor-element elementor-element-1dddaf7 elementor-widget elementor-widget-text-editor\" data-id=\"1dddaf7\" data-element_type=\"widget\" data-e-type=\"widget\" data-widget_type=\"text-editor.default\">\n\t\t\t\t<div class=\"elementor-widget-container\">\n\t\t\t\t\t\t\t\t\t<p><strong>\u00ab\u00a0Formations et Transformations\u00a0\u00bb<\/strong> est un stage de dessin de mod\u00e8le vivant cr\u00e9atif sur 5 demi-journ\u00e9es du <strong>lundi 6 au vendredi 10 juillet 2026 inclus de 10h \u00e0 13h \u00e0 Lacroix Falgarde.\u00a0<\/strong><\/p><p>Approche ludique et expressive du corps humain.<\/p><p>Comprendre le dessin de mod\u00e8le vivant par des formes simples et par le geste. Ce stage n&rsquo;est pas un stage sur l&rsquo;anatomie. Ici, nous \u00e9tudierons le corps pour mieux le d\u00e9composer et le transformer.<\/p><p>Nous allons davantage chercher \u00e0 trouver un style cr\u00e9atif \u00e0 travers des exercices simples et ludiques.<\/p><p><strong>Mat\u00e9riel \u00e0 apporter:<\/strong><\/p><ul><li>Outils et techniques libres. Une variation d&rsquo;outils graphiques est \u00e0 privil\u00e9gier (crayons graphites, de couleurs, pastels, stylos, feutres, fusain, aquarelle, encre&#8230;)<\/li><li>Carnet de croquis format A3 et\/ou A2 (grammage du papier au choix en fonction des techniques choisies)<\/li><\/ul><p><strong>L\u2019atelier aura lieu \u00e0 Lacroix Falgarde, salle Danton Cazelles, parking de la mairie.<\/strong><\/p><p>Le tarif est de 150\u20ac pour les 5 jours. (pr\u00e9voir en plus 15\u20ac en esp\u00e8ces pour le mod\u00e8le)<\/p><p>Ce stage est accessible \u00e0 tous niveaux, adolescents et adultes.<\/p><p>Inscription et renseignements par mail axellepicard@yahoo.fr<\/p>\t\t\t\t\t\t\t\t<\/div>\n\t\t\t\t<\/div>\n\t\t\t\t\t<\/div>\n\t\t<\/div>\n\t\t\t\t\t<\/div>\n\t\t<\/section>\n\t\t<div class=\"elementor-element elementor-element-dcf8a51 e-flex e-con-boxed e-con e-parent\" data-id=\"dcf8a51\" data-element_type=\"container\" data-e-type=\"container\">\n\t\t\t\t\t<div class=\"e-con-inner\">\n\t\t\t\t<div class=\"elementor-element elementor-element-b712386 elementor-widget elementor-widget-spacer\" data-id=\"b712386\" data-element_type=\"widget\" data-e-type=\"widget\" data-widget_type=\"spacer.default\">\n\t\t\t\t<div class=\"elementor-widget-container\">\n\t\t\t\t\t\t\t<div class=\"elementor-spacer\">\n\t\t\t<div class=\"elementor-spacer-inner\"><\/div>\n\t\t<\/div>\n\t\t\t\t\t\t<\/div>\n\t\t\t\t<\/div>\n\t\t\t\t\t<\/div>\n\t\t\t\t<\/div>\n\t\t\t\t<section class=\"elementor-section elementor-top-section elementor-element elementor-element-b4291cc elementor-section-boxed elementor-section-height-default elementor-section-height-default\" data-id=\"b4291cc\" data-element_type=\"section\" data-e-type=\"section\">\n\t\t\t\t\t\t<div class=\"elementor-container elementor-column-gap-default\">\n\t\t\t\t\t<div class=\"elementor-column elementor-col-100 elementor-top-column elementor-element elementor-element-98c2bd8\" data-id=\"98c2bd8\" data-element_type=\"column\" data-e-type=\"column\">\n\t\t\t<div class=\"elementor-widget-wrap elementor-element-populated\">\n\t\t\t\t\t\t<div class=\"elementor-element elementor-element-f064880 elementor-widget elementor-widget-heading\" data-id=\"f064880\" data-element_type=\"widget\" data-e-type=\"widget\" data-widget_type=\"heading.default\">\n\t\t\t\t<div class=\"elementor-widget-container\">\n\t\t\t\t\t<h1 class=\"elementor-heading-title elementor-size-default\">S\u00e9ances libres de mod\u00e8le vivant le samedi 18 avril 2026<\/h1>\t\t\t\t<\/div>\n\t\t\t\t<\/div>\n\t\t\t\t\t<\/div>\n\t\t<\/div>\n\t\t\t\t\t<\/div>\n\t\t<\/section>\n\t\t\t\t<section class=\"elementor-section elementor-top-section elementor-element elementor-element-ca51d80 elementor-section-content-middle elementor-section-boxed elementor-section-height-default elementor-section-height-default\" data-id=\"ca51d80\" data-element_type=\"section\" data-e-type=\"section\" data-settings=\"{&quot;background_background&quot;:&quot;classic&quot;}\">\n\t\t\t\t\t\t<div class=\"elementor-container elementor-column-gap-default\">\n\t\t\t\t\t<div class=\"elementor-column elementor-col-50 elementor-top-column elementor-element elementor-element-8b60ad3\" data-id=\"8b60ad3\" data-element_type=\"column\" data-e-type=\"column\">\n\t\t\t<div class=\"elementor-widget-wrap elementor-element-populated\">\n\t\t\t\t\t\t<div class=\"elementor-element elementor-element-5e0926f elementor-widget elementor-widget-image\" data-id=\"5e0926f\" data-element_type=\"widget\" data-e-type=\"widget\" data-widget_type=\"image.default\">\n\t\t\t\t<div class=\"elementor-widget-container\">\n\t\t\t\t\t\t\t\t\t\t\t\t\t\t\t<img loading=\"lazy\" decoding=\"async\" width=\"555\" height=\"700\" src=\"https:\/\/graphisme-toulouse.fr\/wp-content\/uploads\/2026\/04\/atelier-de-dessin-de-modele-vivant-lacroix-falgarde-axelle-picard-mars-2026.png\" class=\"attachment-large size-large wp-image-5326\" alt=\"\" srcset=\"https:\/\/graphisme-toulouse.fr\/wp-content\/uploads\/2026\/04\/atelier-de-dessin-de-modele-vivant-lacroix-falgarde-axelle-picard-mars-2026.png 555w, https:\/\/graphisme-toulouse.fr\/wp-content\/uploads\/2026\/04\/atelier-de-dessin-de-modele-vivant-lacroix-falgarde-axelle-picard-mars-2026-238x300.png 238w\" sizes=\"(max-width: 555px) 100vw, 555px\" \/>\t\t\t\t\t\t\t\t\t\t\t\t\t\t\t<\/div>\n\t\t\t\t<\/div>\n\t\t\t\t\t<\/div>\n\t\t<\/div>\n\t\t\t\t<div class=\"elementor-column elementor-col-50 elementor-top-column elementor-element elementor-element-c39ff0d\" data-id=\"c39ff0d\" data-element_type=\"column\" data-e-type=\"column\">\n\t\t\t<div class=\"elementor-widget-wrap elementor-element-populated\">\n\t\t\t\t\t\t<div class=\"elementor-element elementor-element-8bdbc6a elementor-widget elementor-widget-text-editor\" data-id=\"8bdbc6a\" data-element_type=\"widget\" data-e-type=\"widget\" data-widget_type=\"text-editor.default\">\n\t\t\t\t<div class=\"elementor-widget-container\">\n\t\t\t\t\t\t\t\t\t<p>S\u00e9ances libres mensuelles de mod\u00e8le vivant \u00e0 Lacroix-Falgarde:<\/p><p><strong>Prochaine s\u00e9ance le samedi 18 avril de 9h30 \u00e0 midi<\/strong><\/p><p>Adresse: Parking de la mairie de Lacroix-Falgarde, salle Danton Cazelles. La salle est balis\u00e9e depuis le parking.<\/p><p>Tarif 30\u20ac (25\u20ac + 5\u20ac pour le mod\u00e8le)\/ Tarif Abonn\u00e9s 20\u20ac (15\u20ac\u00a0 + 5\u20ac pour le mod\u00e8le).<\/p><p>Cette s\u00e9ance libre de mod\u00e8le vivant est accessible \u00e0 tous niveaux (d\u00e9butants, amateurs, professionnels). Je me ferai un plaisir d&rsquo;aider ceux qui le souhaitent.<\/p><p>Inscription obligatoire par mail axellepicard@yahoo.fr<\/p>\t\t\t\t\t\t\t\t<\/div>\n\t\t\t\t<\/div>\n\t\t\t\t\t<\/div>\n\t\t<\/div>\n\t\t\t\t\t<\/div>\n\t\t<\/section>\n\t\t<div class=\"elementor-element elementor-element-14f2d6a e-flex e-con-boxed e-con e-parent\" data-id=\"14f2d6a\" data-element_type=\"container\" data-e-type=\"container\">\n\t\t\t\t\t<div class=\"e-con-inner\">\n\t\t\t\t<div class=\"elementor-element elementor-element-3890477 elementor-widget elementor-widget-spacer\" data-id=\"3890477\" data-element_type=\"widget\" data-e-type=\"widget\" data-widget_type=\"spacer.default\">\n\t\t\t\t<div class=\"elementor-widget-container\">\n\t\t\t\t\t\t\t<div class=\"elementor-spacer\">\n\t\t\t<div class=\"elementor-spacer-inner\"><\/div>\n\t\t<\/div>\n\t\t\t\t\t\t<\/div>\n\t\t\t\t<\/div>\n\t\t\t\t\t<\/div>\n\t\t\t\t<\/div>\n\t\t\t\t<section class=\"elementor-section elementor-top-section elementor-element elementor-element-f9fc61c elementor-section-boxed elementor-section-height-default elementor-section-height-default\" data-id=\"f9fc61c\" data-element_type=\"section\" data-e-type=\"section\">\n\t\t\t\t\t\t<div class=\"elementor-container elementor-column-gap-default\">\n\t\t\t\t\t<div class=\"elementor-column elementor-col-100 elementor-top-column elementor-element elementor-element-70fb500\" data-id=\"70fb500\" data-element_type=\"column\" data-e-type=\"column\">\n\t\t\t<div class=\"elementor-widget-wrap elementor-element-populated\">\n\t\t\t\t\t\t<div class=\"elementor-element elementor-element-a6d5da6 elementor-widget elementor-widget-heading\" data-id=\"a6d5da6\" data-element_type=\"widget\" data-e-type=\"widget\" data-widget_type=\"heading.default\">\n\t\t\t\t<div class=\"elementor-widget-container\">\n\t\t\t\t\t<h1 class=\"elementor-heading-title elementor-size-default\">PRINTEMPS DU DESSIN DE MOD\u00c8LE VIVANT 2026<\/h1>\t\t\t\t<\/div>\n\t\t\t\t<\/div>\n\t\t\t\t\t<\/div>\n\t\t<\/div>\n\t\t\t\t\t<\/div>\n\t\t<\/section>\n\t\t\t\t<section class=\"elementor-section elementor-top-section elementor-element elementor-element-fce9368 elementor-section-content-middle elementor-section-boxed elementor-section-height-default elementor-section-height-default\" data-id=\"fce9368\" data-element_type=\"section\" data-e-type=\"section\" data-settings=\"{&quot;background_background&quot;:&quot;classic&quot;}\">\n\t\t\t\t\t\t<div class=\"elementor-container elementor-column-gap-default\">\n\t\t\t\t\t<div class=\"elementor-column elementor-col-50 elementor-top-column elementor-element elementor-element-e819b80\" data-id=\"e819b80\" data-element_type=\"column\" data-e-type=\"column\">\n\t\t\t<div class=\"elementor-widget-wrap elementor-element-populated\">\n\t\t\t\t\t\t<div class=\"elementor-element elementor-element-6a29b45 elementor-widget elementor-widget-image\" data-id=\"6a29b45\" data-element_type=\"widget\" data-e-type=\"widget\" data-widget_type=\"image.default\">\n\t\t\t\t<div class=\"elementor-widget-container\">\n\t\t\t\t\t\t\t\t\t\t\t\t\t\t\t<img loading=\"lazy\" decoding=\"async\" width=\"689\" height=\"800\" src=\"https:\/\/graphisme-toulouse.fr\/wp-content\/uploads\/2026\/03\/OK-Printemps-du-dessin-Axelle-Picard-La-Gleysette-Avril-2026.png\" class=\"attachment-full size-full wp-image-5231\" alt=\"\" srcset=\"https:\/\/graphisme-toulouse.fr\/wp-content\/uploads\/2026\/03\/OK-Printemps-du-dessin-Axelle-Picard-La-Gleysette-Avril-2026.png 689w, https:\/\/graphisme-toulouse.fr\/wp-content\/uploads\/2026\/03\/OK-Printemps-du-dessin-Axelle-Picard-La-Gleysette-Avril-2026-258x300.png 258w\" sizes=\"(max-width: 689px) 100vw, 689px\" \/>\t\t\t\t\t\t\t\t\t\t\t\t\t\t\t<\/div>\n\t\t\t\t<\/div>\n\t\t\t\t\t<\/div>\n\t\t<\/div>\n\t\t\t\t<div class=\"elementor-column elementor-col-50 elementor-top-column elementor-element elementor-element-035b4a0\" data-id=\"035b4a0\" data-element_type=\"column\" data-e-type=\"column\">\n\t\t\t<div class=\"elementor-widget-wrap elementor-element-populated\">\n\t\t\t\t\t\t<div class=\"elementor-element elementor-element-12f7081 elementor-widget elementor-widget-text-editor\" data-id=\"12f7081\" data-element_type=\"widget\" data-e-type=\"widget\" data-widget_type=\"text-editor.default\">\n\t\t\t\t<div class=\"elementor-widget-container\">\n\t\t\t\t\t\t\t\t\t<p>\u00c0 l&rsquo;occasion de l&rsquo;anniversaire de l&rsquo;association Les Amis de la Gleysette et du Printemps du dessin, Axelle Picard vous propose:<\/p><h2 class=\"wp-block-heading\"><strong>Samedi 04 avril 2026 de 10h \u00e0 16h<\/strong> <strong>:<\/strong><\/h2><p><strong>Un atelier libre de dessin mod\u00e8le vivant dans la chapelle de la Gleysette \u00e0 Lacroix Falgarde.<\/strong><\/p><p><strong>La chapelle se situe \u00e0 c\u00f4t\u00e9 du cim\u00e9ti\u00e8re de Lacroix Falgarde et partage le m\u00eame parking.<\/strong><\/p><p>Pr\u00e9sence de deux mod\u00e8les professionelles: Florence Bou\u00e9 et Maud Gamelon!<\/p><p><strong>Ouvert \u00e0 tous et gratuit<\/strong> \u2013 sans inscription pr\u00e9alable \/ Mat\u00e9riel non fourni. Sur place, vous trouverez des chaises et des chevalets.<\/p><p><em>Repas partag\u00e9 entre 12h30 et 13h30\u00a0<\/em><\/p><p><em>Participation \u00e0 la r\u00e9mun\u00e9ration des mod\u00e8les : 10 \u20ac\/demi-journ\u00e9e<\/em><\/p><p>Cette s\u00e9ance libre de mod\u00e8le vivant est accessible \u00e0 tous niveaux (d\u00e9butants, amateurs, professionnels).\u00a0<\/p><p>Chacun arrive et part quand il le souhaite.<\/p><p>Informations: axellepicard@yahoo.fr<\/p>\t\t\t\t\t\t\t\t<\/div>\n\t\t\t\t<\/div>\n\t\t\t\t\t<\/div>\n\t\t<\/div>\n\t\t\t\t\t<\/div>\n\t\t<\/section>\n\t\t<div class=\"elementor-element elementor-element-f5b935a e-flex e-con-boxed e-con e-parent\" data-id=\"f5b935a\" data-element_type=\"container\" data-e-type=\"container\">\n\t\t\t\t\t<div class=\"e-con-inner\">\n\t\t\t\t<div class=\"elementor-element elementor-element-4bc9599 elementor-widget elementor-widget-spacer\" data-id=\"4bc9599\" data-element_type=\"widget\" data-e-type=\"widget\" data-widget_type=\"spacer.default\">\n\t\t\t\t<div class=\"elementor-widget-container\">\n\t\t\t\t\t\t\t<div class=\"elementor-spacer\">\n\t\t\t<div class=\"elementor-spacer-inner\"><\/div>\n\t\t<\/div>\n\t\t\t\t\t\t<\/div>\n\t\t\t\t<\/div>\n\t\t\t\t\t<\/div>\n\t\t\t\t<\/div>\n\t\t\t\t<section class=\"elementor-section elementor-top-section elementor-element elementor-element-42c8838 elementor-section-boxed elementor-section-height-default elementor-section-height-default\" data-id=\"42c8838\" data-element_type=\"section\" data-e-type=\"section\">\n\t\t\t\t\t\t<div class=\"elementor-container elementor-column-gap-default\">\n\t\t\t\t\t<div class=\"elementor-column elementor-col-100 elementor-top-column elementor-element elementor-element-fe4e124\" data-id=\"fe4e124\" data-element_type=\"column\" data-e-type=\"column\">\n\t\t\t<div class=\"elementor-widget-wrap elementor-element-populated\">\n\t\t\t\t\t\t<div class=\"elementor-element elementor-element-ecbf019 elementor-widget elementor-widget-heading\" data-id=\"ecbf019\" data-element_type=\"widget\" data-e-type=\"widget\" data-widget_type=\"heading.default\">\n\t\t\t\t<div class=\"elementor-widget-container\">\n\t\t\t\t\t<h1 class=\"elementor-heading-title elementor-size-default\">S\u00e9ances libres de mod\u00e8le vivant le samedi 14 mars 2026<\/h1>\t\t\t\t<\/div>\n\t\t\t\t<\/div>\n\t\t\t\t\t<\/div>\n\t\t<\/div>\n\t\t\t\t\t<\/div>\n\t\t<\/section>\n\t\t\t\t<section class=\"elementor-section elementor-top-section elementor-element elementor-element-45d3ea3 elementor-section-content-middle elementor-section-boxed elementor-section-height-default elementor-section-height-default\" data-id=\"45d3ea3\" data-element_type=\"section\" data-e-type=\"section\" data-settings=\"{&quot;background_background&quot;:&quot;classic&quot;}\">\n\t\t\t\t\t\t<div class=\"elementor-container elementor-column-gap-default\">\n\t\t\t\t\t<div class=\"elementor-column elementor-col-50 elementor-top-column elementor-element elementor-element-f887eb0\" data-id=\"f887eb0\" data-element_type=\"column\" data-e-type=\"column\">\n\t\t\t<div class=\"elementor-widget-wrap elementor-element-populated\">\n\t\t\t\t\t\t<div class=\"elementor-element elementor-element-e77313f elementor-widget elementor-widget-image\" data-id=\"e77313f\" data-element_type=\"widget\" data-e-type=\"widget\" data-widget_type=\"image.default\">\n\t\t\t\t<div class=\"elementor-widget-container\">\n\t\t\t\t\t\t\t\t\t\t\t\t\t\t\t<img loading=\"lazy\" decoding=\"async\" width=\"635\" height=\"800\" src=\"https:\/\/graphisme-toulouse.fr\/wp-content\/uploads\/2026\/02\/atelier-dessin-modele-vivant-axelle-picard-mars-2026-lacroix-falgarde-toulouse.png\" class=\"attachment-large size-large wp-image-5205\" alt=\"\" srcset=\"https:\/\/graphisme-toulouse.fr\/wp-content\/uploads\/2026\/02\/atelier-dessin-modele-vivant-axelle-picard-mars-2026-lacroix-falgarde-toulouse.png 635w, https:\/\/graphisme-toulouse.fr\/wp-content\/uploads\/2026\/02\/atelier-dessin-modele-vivant-axelle-picard-mars-2026-lacroix-falgarde-toulouse-238x300.png 238w\" sizes=\"(max-width: 635px) 100vw, 635px\" \/>\t\t\t\t\t\t\t\t\t\t\t\t\t\t\t<\/div>\n\t\t\t\t<\/div>\n\t\t\t\t\t<\/div>\n\t\t<\/div>\n\t\t\t\t<div class=\"elementor-column elementor-col-50 elementor-top-column elementor-element elementor-element-de3d8a2\" data-id=\"de3d8a2\" data-element_type=\"column\" data-e-type=\"column\">\n\t\t\t<div class=\"elementor-widget-wrap elementor-element-populated\">\n\t\t\t\t\t\t<div class=\"elementor-element elementor-element-a61d98a elementor-widget elementor-widget-text-editor\" data-id=\"a61d98a\" data-element_type=\"widget\" data-e-type=\"widget\" data-widget_type=\"text-editor.default\">\n\t\t\t\t<div class=\"elementor-widget-container\">\n\t\t\t\t\t\t\t\t\t<p>S\u00e9ances libres mensuelles de mod\u00e8le vivant \u00e0 Lacroix-Falgarde:<\/p><p><strong>Prochaine s\u00e9ance le samedi 14 mars de 9h30 \u00e0 midi<\/strong><\/p><p>Adresse: Foyer Rural de Lacroix-Falgarde, salle Danton Cazelles. La salle est balis\u00e9e depuis le parking.<\/p><p>Tarif 30\u20ac (25\u20ac + 5\u20ac pour le mod\u00e8le)\/ Tarif Abonn\u00e9s 20\u20ac (15\u20ac\u00a0 + 5\u20ac pour le mod\u00e8le).<\/p><p>Cette s\u00e9ance libre de mod\u00e8le vivant est accessible \u00e0 tous niveaux (d\u00e9butants, amateurs, professionnels). Je me ferai un plaisir d&rsquo;aider ceux qui le souhaitent.<\/p><p>Inscription obligatoire par mail axellepicard@yahoo.fr<\/p>\t\t\t\t\t\t\t\t<\/div>\n\t\t\t\t<\/div>\n\t\t\t\t\t<\/div>\n\t\t<\/div>\n\t\t\t\t\t<\/div>\n\t\t<\/section>\n\t\t<div class=\"elementor-element elementor-element-0ea035f e-flex e-con-boxed e-con e-parent\" data-id=\"0ea035f\" data-element_type=\"container\" data-e-type=\"container\">\n\t\t\t\t\t<div class=\"e-con-inner\">\n\t\t\t\t<div class=\"elementor-element elementor-element-5570665 elementor-widget elementor-widget-spacer\" data-id=\"5570665\" data-element_type=\"widget\" data-e-type=\"widget\" data-widget_type=\"spacer.default\">\n\t\t\t\t<div class=\"elementor-widget-container\">\n\t\t\t\t\t\t\t<div class=\"elementor-spacer\">\n\t\t\t<div class=\"elementor-spacer-inner\"><\/div>\n\t\t<\/div>\n\t\t\t\t\t\t<\/div>\n\t\t\t\t<\/div>\n\t\t\t\t\t<\/div>\n\t\t\t\t<\/div>\n\t\t\t\t<section class=\"elementor-section elementor-top-section elementor-element elementor-element-a84986e elementor-section-boxed elementor-section-height-default elementor-section-height-default\" data-id=\"a84986e\" data-element_type=\"section\" data-e-type=\"section\">\n\t\t\t\t\t\t<div class=\"elementor-container elementor-column-gap-default\">\n\t\t\t\t\t<div class=\"elementor-column elementor-col-100 elementor-top-column elementor-element elementor-element-9976984\" data-id=\"9976984\" data-element_type=\"column\" data-e-type=\"column\">\n\t\t\t<div class=\"elementor-widget-wrap elementor-element-populated\">\n\t\t\t\t\t\t<div class=\"elementor-element elementor-element-6f6fa2f elementor-widget elementor-widget-heading\" data-id=\"6f6fa2f\" data-element_type=\"widget\" data-e-type=\"widget\" data-widget_type=\"heading.default\">\n\t\t\t\t<div class=\"elementor-widget-container\">\n\t\t\t\t\t<h1 class=\"elementor-heading-title elementor-size-default\">S\u00e9ances libres de mod\u00e8le vivant le samedi 21 f\u00e9vrier 2026<\/h1>\t\t\t\t<\/div>\n\t\t\t\t<\/div>\n\t\t\t\t\t<\/div>\n\t\t<\/div>\n\t\t\t\t\t<\/div>\n\t\t<\/section>\n\t\t\t\t<section class=\"elementor-section elementor-top-section elementor-element elementor-element-c8e8be7 elementor-section-boxed elementor-section-height-default elementor-section-height-default\" data-id=\"c8e8be7\" data-element_type=\"section\" data-e-type=\"section\" data-settings=\"{&quot;background_background&quot;:&quot;classic&quot;}\">\n\t\t\t\t\t\t<div class=\"elementor-container elementor-column-gap-default\">\n\t\t\t\t\t<div class=\"elementor-column elementor-col-50 elementor-top-column elementor-element elementor-element-3935cb4\" data-id=\"3935cb4\" data-element_type=\"column\" data-e-type=\"column\">\n\t\t\t<div class=\"elementor-widget-wrap elementor-element-populated\">\n\t\t\t\t\t\t<div class=\"elementor-element elementor-element-145e805 elementor-widget elementor-widget-image\" data-id=\"145e805\" data-element_type=\"widget\" data-e-type=\"widget\" data-widget_type=\"image.default\">\n\t\t\t\t<div class=\"elementor-widget-container\">\n\t\t\t\t\t\t\t\t\t\t\t\t\t\t\t<img loading=\"lazy\" decoding=\"async\" width=\"793\" height=\"1000\" src=\"https:\/\/graphisme-toulouse.fr\/wp-content\/uploads\/2026\/02\/fevrier-2026-modele-vivant-lacroix-falgarde-axelle-picard.png\" class=\"attachment-large size-large wp-image-5187\" alt=\"\" srcset=\"https:\/\/graphisme-toulouse.fr\/wp-content\/uploads\/2026\/02\/fevrier-2026-modele-vivant-lacroix-falgarde-axelle-picard.png 793w, https:\/\/graphisme-toulouse.fr\/wp-content\/uploads\/2026\/02\/fevrier-2026-modele-vivant-lacroix-falgarde-axelle-picard-238x300.png 238w, https:\/\/graphisme-toulouse.fr\/wp-content\/uploads\/2026\/02\/fevrier-2026-modele-vivant-lacroix-falgarde-axelle-picard-768x968.png 768w\" sizes=\"(max-width: 793px) 100vw, 793px\" \/>\t\t\t\t\t\t\t\t\t\t\t\t\t\t\t<\/div>\n\t\t\t\t<\/div>\n\t\t\t\t\t<\/div>\n\t\t<\/div>\n\t\t\t\t<div class=\"elementor-column elementor-col-50 elementor-top-column elementor-element elementor-element-f50da03\" data-id=\"f50da03\" data-element_type=\"column\" data-e-type=\"column\">\n\t\t\t<div class=\"elementor-widget-wrap elementor-element-populated\">\n\t\t\t\t\t\t<div class=\"elementor-element elementor-element-07e3825 elementor-widget elementor-widget-text-editor\" data-id=\"07e3825\" data-element_type=\"widget\" data-e-type=\"widget\" data-widget_type=\"text-editor.default\">\n\t\t\t\t<div class=\"elementor-widget-container\">\n\t\t\t\t\t\t\t\t\t<p>S\u00e9ances libres mensuelles de mod\u00e8le vivant \u00e0 Lacroix-Falgarde:<\/p><p><strong>Prochaine s\u00e9ance le samedi 21 f\u00e9vrier de 9h30 \u00e0 midi<\/strong><\/p><p>Adresse: Foyer Rural de Lacroix-Falgarde, salle Danton Cazelles. La salle est balis\u00e9e depuis le parking.<\/p><p>Tarif 30\u20ac (25\u20ac + 5\u20ac pour le mod\u00e8le)\/ Tarif Abonn\u00e9s 20\u20ac (15\u20ac\u00a0 + 5\u20ac pour le mod\u00e8le).<\/p><p>Cette s\u00e9ance libre de mod\u00e8le vivant est accessible \u00e0 tous niveaux (d\u00e9butants, amateurs, professionnels). Je me ferai un plaisir d&rsquo;aider ceux qui le souhaitent.<\/p><p>Inscription obligatoire par mail axellepicard@yahoo.fr<\/p>\t\t\t\t\t\t\t\t<\/div>\n\t\t\t\t<\/div>\n\t\t\t\t\t<\/div>\n\t\t<\/div>\n\t\t\t\t\t<\/div>\n\t\t<\/section>\n\t\t<div class=\"elementor-element elementor-element-dbd2751 e-flex e-con-boxed e-con e-parent\" data-id=\"dbd2751\" data-element_type=\"container\" data-e-type=\"container\">\n\t\t\t\t\t<div class=\"e-con-inner\">\n\t\t\t\t<div class=\"elementor-element elementor-element-3d9396e elementor-widget elementor-widget-spacer\" data-id=\"3d9396e\" data-element_type=\"widget\" data-e-type=\"widget\" data-widget_type=\"spacer.default\">\n\t\t\t\t<div class=\"elementor-widget-container\">\n\t\t\t\t\t\t\t<div class=\"elementor-spacer\">\n\t\t\t<div class=\"elementor-spacer-inner\"><\/div>\n\t\t<\/div>\n\t\t\t\t\t\t<\/div>\n\t\t\t\t<\/div>\n\t\t\t\t\t<\/div>\n\t\t\t\t<\/div>\n\t\t<div class=\"elementor-element elementor-element-7c3bcc3 e-flex e-con-boxed e-con e-parent\" data-id=\"7c3bcc3\" data-element_type=\"container\" data-e-type=\"container\">\n\t\t\t\t\t<div class=\"e-con-inner\">\n\t\t\t\t<div class=\"elementor-element elementor-element-d6f5b05 elementor-widget elementor-widget-heading\" data-id=\"d6f5b05\" data-element_type=\"widget\" data-e-type=\"widget\" data-widget_type=\"heading.default\">\n\t\t\t\t<div class=\"elementor-widget-container\">\n\t\t\t\t\t<h1 class=\"elementor-heading-title elementor-size-default\">EXPO personnelle 2025<\/h1>\t\t\t\t<\/div>\n\t\t\t\t<\/div>\n\t\t\t\t\t<\/div>\n\t\t\t\t<\/div>\n\t\t<div class=\"elementor-element elementor-element-d1b28bc e-flex e-con-boxed e-con e-parent\" data-id=\"d1b28bc\" data-element_type=\"container\" data-e-type=\"container\">\n\t\t\t\t\t<div class=\"e-con-inner\">\n\t\t<div class=\"elementor-element elementor-element-d02139c e-con-full e-flex e-con e-child\" data-id=\"d02139c\" data-element_type=\"container\" data-e-type=\"container\">\n\t\t\t\t<div class=\"elementor-element elementor-element-f73823e elementor-widget elementor-widget-image\" data-id=\"f73823e\" data-element_type=\"widget\" data-e-type=\"widget\" data-widget_type=\"image.default\">\n\t\t\t\t<div class=\"elementor-widget-container\">\n\t\t\t\t\t\t\t\t\t\t\t\t\t\t\t<img loading=\"lazy\" decoding=\"async\" width=\"600\" height=\"800\" src=\"https:\/\/graphisme-toulouse.fr\/wp-content\/uploads\/2025\/11\/affiche-expo-Axelle-Picard-les-amis-de-la-gleysette-lacroix-falgarde-novembre-2025.png\" class=\"attachment-large size-large wp-image-5169\" alt=\"\" srcset=\"https:\/\/graphisme-toulouse.fr\/wp-content\/uploads\/2025\/11\/affiche-expo-Axelle-Picard-les-amis-de-la-gleysette-lacroix-falgarde-novembre-2025.png 600w, https:\/\/graphisme-toulouse.fr\/wp-content\/uploads\/2025\/11\/affiche-expo-Axelle-Picard-les-amis-de-la-gleysette-lacroix-falgarde-novembre-2025-225x300.png 225w\" sizes=\"(max-width: 600px) 100vw, 600px\" \/>\t\t\t\t\t\t\t\t\t\t\t\t\t\t\t<\/div>\n\t\t\t\t<\/div>\n\t\t\t\t<\/div>\n\t\t<div class=\"elementor-element elementor-element-231476a e-con-full e-flex e-con e-child\" data-id=\"231476a\" data-element_type=\"container\" data-e-type=\"container\">\n\t\t\t\t<div class=\"elementor-element elementor-element-c6d1676 elementor-widget elementor-widget-text-editor\" data-id=\"c6d1676\" data-element_type=\"widget\" data-e-type=\"widget\" data-widget_type=\"text-editor.default\">\n\t\t\t\t<div class=\"elementor-widget-container\">\n\t\t\t\t\t\t\t\t\t<p>Axelle Picard expose \u00e0 la Gleysette \u00e0 Lacroix-Falgarde les 29 et 30 novembre 2025.<\/p><p>\u00abEntre Hommes et dieux\u00bb est une fresque mythologique. All\u00e9gorie de la condition humaine et de la qu\u00eate de la v\u00e9rit\u00e9, Axelle Picard revoit certains r\u00e9cits mythologiques sur les dieux, les h\u00e9ros ou les monstres questionnant la nature de l\u2019homme et sa place dans le cosmos.<\/p><p>Ensuite, il s\u2019agit d\u2019une discussion entre le corps terrestre et c\u00e9leste.<\/p><p>Qui sommes-nous et qu\u2019aspirons-nous \u00e0 \u00eatre?<\/p><p>Que nous apprennent ces l\u00e9gendes? Et avons-nous besoin des mythes pour exister?<\/p><p>Notre propre corps est d\u00e9j\u00e0 une histoire emplie de joies, de peines, de\u00a0d\u00e9s\u00e9quilibres ou d\u2019exc\u00e8s parfois, de doutes mais il est aussi notre reflet aux autres. Nous ne pouvons cacher ces v\u00e9rit\u00e9s.<\/p><p>C\u2019est cette m\u00eame v\u00e9rit\u00e9 qu\u2019Axelle Picard cherche \u00e0 trouver dans le dessin.<\/p><p>Vernissage samedi 29 novembre \u00e0 18h.<\/p>\t\t\t\t\t\t\t\t<\/div>\n\t\t\t\t<\/div>\n\t\t\t\t<\/div>\n\t\t\t\t\t<\/div>\n\t\t\t\t<\/div>\n\t\t<div class=\"elementor-element elementor-element-fb39ccf e-flex e-con-boxed e-con e-parent\" data-id=\"fb39ccf\" data-element_type=\"container\" data-e-type=\"container\">\n\t\t\t\t\t<div class=\"e-con-inner\">\n\t\t\t\t<div class=\"elementor-element elementor-element-f256f49 elementor-widget elementor-widget-spacer\" data-id=\"f256f49\" data-element_type=\"widget\" data-e-type=\"widget\" data-widget_type=\"spacer.default\">\n\t\t\t\t<div class=\"elementor-widget-container\">\n\t\t\t\t\t\t\t<div class=\"elementor-spacer\">\n\t\t\t<div class=\"elementor-spacer-inner\"><\/div>\n\t\t<\/div>\n\t\t\t\t\t\t<\/div>\n\t\t\t\t<\/div>\n\t\t\t\t\t<\/div>\n\t\t\t\t<\/div>\n\t\t\t\t<section class=\"elementor-section elementor-top-section elementor-element elementor-element-073572e elementor-section-boxed elementor-section-height-default elementor-section-height-default\" data-id=\"073572e\" data-element_type=\"section\" data-e-type=\"section\">\n\t\t\t\t\t\t<div class=\"elementor-container elementor-column-gap-default\">\n\t\t\t\t\t<div class=\"elementor-column elementor-col-100 elementor-top-column elementor-element elementor-element-f713ed5\" data-id=\"f713ed5\" data-element_type=\"column\" data-e-type=\"column\">\n\t\t\t<div class=\"elementor-widget-wrap elementor-element-populated\">\n\t\t\t\t\t\t<div class=\"elementor-element elementor-element-2f821db elementor-widget elementor-widget-heading\" data-id=\"2f821db\" data-element_type=\"widget\" data-e-type=\"widget\" data-widget_type=\"heading.default\">\n\t\t\t\t<div class=\"elementor-widget-container\">\n\t\t\t\t\t<h1 class=\"elementor-heading-title elementor-size-default\">Nocturne du Mod\u00e8le Vivant 2025<\/h1>\t\t\t\t<\/div>\n\t\t\t\t<\/div>\n\t\t\t\t\t<\/div>\n\t\t<\/div>\n\t\t\t\t\t<\/div>\n\t\t<\/section>\n\t\t<div class=\"elementor-element elementor-element-5c28b61 e-flex e-con-boxed e-con e-parent\" data-id=\"5c28b61\" data-element_type=\"container\" data-e-type=\"container\">\n\t\t\t\t\t<div class=\"e-con-inner\">\n\t\t<div class=\"elementor-element elementor-element-6744c89 e-con-full e-flex e-con e-child\" data-id=\"6744c89\" data-element_type=\"container\" data-e-type=\"container\">\n\t\t\t\t<div class=\"elementor-element elementor-element-414f0af elementor-widget elementor-widget-image\" data-id=\"414f0af\" data-element_type=\"widget\" data-e-type=\"widget\" data-widget_type=\"image.default\">\n\t\t\t\t<div class=\"elementor-widget-container\">\n\t\t\t\t\t\t\t\t\t\t\t\t\t\t\t<img loading=\"lazy\" decoding=\"async\" width=\"600\" height=\"800\" src=\"https:\/\/graphisme-toulouse.fr\/wp-content\/uploads\/2025\/10\/AFFICHE-NMV-2025-AXELLE-PICARD-GRAPHISME-DESSIN-DE-MODELE-VIVANT-NOCTURNE-TOULOUSE.png\" class=\"attachment-large size-large wp-image-5159\" alt=\"\" srcset=\"https:\/\/graphisme-toulouse.fr\/wp-content\/uploads\/2025\/10\/AFFICHE-NMV-2025-AXELLE-PICARD-GRAPHISME-DESSIN-DE-MODELE-VIVANT-NOCTURNE-TOULOUSE.png 600w, https:\/\/graphisme-toulouse.fr\/wp-content\/uploads\/2025\/10\/AFFICHE-NMV-2025-AXELLE-PICARD-GRAPHISME-DESSIN-DE-MODELE-VIVANT-NOCTURNE-TOULOUSE-225x300.png 225w\" sizes=\"(max-width: 600px) 100vw, 600px\" \/>\t\t\t\t\t\t\t\t\t\t\t\t\t\t\t<\/div>\n\t\t\t\t<\/div>\n\t\t\t\t<\/div>\n\t\t<div class=\"elementor-element elementor-element-2754e20 e-con-full e-flex e-con e-child\" data-id=\"2754e20\" data-element_type=\"container\" data-e-type=\"container\">\n\t\t\t\t<div class=\"elementor-element elementor-element-b232a1a elementor-widget elementor-widget-text-editor\" data-id=\"b232a1a\" data-element_type=\"widget\" data-e-type=\"widget\" data-widget_type=\"text-editor.default\">\n\t\t\t\t<div class=\"elementor-widget-container\">\n\t\t\t\t\t\t\t\t\t<p>La Nocturne du Mod\u00e8le Vivant revient en 2025 pour une quatri\u00e8me \u00e9dition et une programmation exceptionnelle sur deux jours:<\/p><ul><li>Les vendredi 07 et samedi 08 novembre de 19h \u00e0 minuit au Mus\u00e9um d&rsquo;Histoire Naturelle de Toulouse: nocturnes de dessin de mod\u00e8le vivant.<\/li><li>600 dessinateurs et 18 mod\u00e8les seront r\u00e9unis pour cet \u00e9v\u00e9nement spectaculaire!<\/li><li>Samedi 08 novembre \u00e0 11h: 2 ateliers famille autour du dessin d&rsquo;animation.<\/li><li>Samedi 08 novembre \u00e0 15h30: Rencontre avec Charl\u00e8ne Letenneur et le dessin naturaliste au Mus\u00e9um, suivie d&rsquo;une s\u00e9ance de d\u00e9dicace de son livre \u00ab\u00a0Dessiner les Animaux\u00a0\u00bb (\u00e9ditions Eyrolles)<\/li><\/ul><p>Retrouvez toutes les infos concernant la NMV sur le site: <a href=\"https:\/\/nocturnedumodelevivant.fr\/\">nocturnedumodelevivant.fr<\/a><\/p>\t\t\t\t\t\t\t\t<\/div>\n\t\t\t\t<\/div>\n\t\t\t\t<div class=\"elementor-element elementor-element-c643fa8 elementor-widget elementor-widget-image\" data-id=\"c643fa8\" data-element_type=\"widget\" data-e-type=\"widget\" data-widget_type=\"image.default\">\n\t\t\t\t<div class=\"elementor-widget-container\">\n\t\t\t\t\t\t\t\t\t\t\t\t\t\t\t<img loading=\"lazy\" decoding=\"async\" width=\"1024\" height=\"311\" src=\"https:\/\/graphisme-toulouse.fr\/wp-content\/uploads\/2025\/10\/Capture-decran-2025-10-14-a-15.09.30-1024x311.png\" class=\"attachment-large size-large wp-image-5160\" alt=\"\" srcset=\"https:\/\/graphisme-toulouse.fr\/wp-content\/uploads\/2025\/10\/Capture-decran-2025-10-14-a-15.09.30-1024x311.png 1024w, https:\/\/graphisme-toulouse.fr\/wp-content\/uploads\/2025\/10\/Capture-decran-2025-10-14-a-15.09.30-300x91.png 300w, https:\/\/graphisme-toulouse.fr\/wp-content\/uploads\/2025\/10\/Capture-decran-2025-10-14-a-15.09.30-768x233.png 768w, https:\/\/graphisme-toulouse.fr\/wp-content\/uploads\/2025\/10\/Capture-decran-2025-10-14-a-15.09.30.png 1198w\" sizes=\"(max-width: 1024px) 100vw, 1024px\" \/>\t\t\t\t\t\t\t\t\t\t\t\t\t\t\t<\/div>\n\t\t\t\t<\/div>\n\t\t\t\t<\/div>\n\t\t\t\t\t<\/div>\n\t\t\t\t<\/div>\n\t\t<div class=\"elementor-element elementor-element-64adacb e-flex e-con-boxed e-con e-parent\" data-id=\"64adacb\" data-element_type=\"container\" data-e-type=\"container\">\n\t\t\t\t\t<div class=\"e-con-inner\">\n\t\t\t\t<div class=\"elementor-element elementor-element-c6bab96 elementor-widget elementor-widget-spacer\" data-id=\"c6bab96\" data-element_type=\"widget\" data-e-type=\"widget\" data-widget_type=\"spacer.default\">\n\t\t\t\t<div class=\"elementor-widget-container\">\n\t\t\t\t\t\t\t<div class=\"elementor-spacer\">\n\t\t\t<div class=\"elementor-spacer-inner\"><\/div>\n\t\t<\/div>\n\t\t\t\t\t\t<\/div>\n\t\t\t\t<\/div>\n\t\t\t\t\t<\/div>\n\t\t\t\t<\/div>\n\t\t<div class=\"elementor-element elementor-element-eabecdb e-flex e-con-boxed e-con e-parent\" data-id=\"eabecdb\" data-element_type=\"container\" data-e-type=\"container\">\n\t\t\t\t\t<div class=\"e-con-inner\">\n\t\t\t\t<div class=\"elementor-element elementor-element-5cb1493 elementor-widget elementor-widget-heading\" data-id=\"5cb1493\" data-element_type=\"widget\" data-e-type=\"widget\" data-widget_type=\"heading.default\">\n\t\t\t\t<div class=\"elementor-widget-container\">\n\t\t\t\t\t<h1 class=\"elementor-heading-title elementor-size-default\">EXPOS D'ATELIERS FIN D'ANN\u00c9E 2025<\/h1>\t\t\t\t<\/div>\n\t\t\t\t<\/div>\n\t\t\t\t\t<\/div>\n\t\t\t\t<\/div>\n\t\t<div class=\"elementor-element elementor-element-7964b38 e-flex e-con-boxed e-con e-parent\" data-id=\"7964b38\" data-element_type=\"container\" data-e-type=\"container\">\n\t\t\t\t\t<div class=\"e-con-inner\">\n\t\t<div class=\"elementor-element elementor-element-90d62a8 e-con-full e-flex e-con e-child\" data-id=\"90d62a8\" data-element_type=\"container\" data-e-type=\"container\">\n\t\t\t\t<div class=\"elementor-element elementor-element-88358cc elementor-widget elementor-widget-image\" data-id=\"88358cc\" data-element_type=\"widget\" data-e-type=\"widget\" data-widget_type=\"image.default\">\n\t\t\t\t<div class=\"elementor-widget-container\">\n\t\t\t\t\t\t\t\t\t\t\t\t\t\t\t<img loading=\"lazy\" decoding=\"async\" width=\"600\" height=\"800\" src=\"https:\/\/graphisme-toulouse.fr\/wp-content\/uploads\/2025\/05\/AFFICHE-EXPO-GRAND-BAZAR-2025-DESSIN-DE-MODELE-VIVANT-AXELLE-PICARD-TOULOUSE-copie.png\" class=\"attachment-large size-large wp-image-4992\" alt=\"\" srcset=\"https:\/\/graphisme-toulouse.fr\/wp-content\/uploads\/2025\/05\/AFFICHE-EXPO-GRAND-BAZAR-2025-DESSIN-DE-MODELE-VIVANT-AXELLE-PICARD-TOULOUSE-copie.png 600w, https:\/\/graphisme-toulouse.fr\/wp-content\/uploads\/2025\/05\/AFFICHE-EXPO-GRAND-BAZAR-2025-DESSIN-DE-MODELE-VIVANT-AXELLE-PICARD-TOULOUSE-copie-225x300.png 225w\" sizes=\"(max-width: 600px) 100vw, 600px\" \/>\t\t\t\t\t\t\t\t\t\t\t\t\t\t\t<\/div>\n\t\t\t\t<\/div>\n\t\t\t\t<div class=\"elementor-element elementor-element-9ef1270 elementor-widget elementor-widget-text-editor\" data-id=\"9ef1270\" data-element_type=\"widget\" data-e-type=\"widget\" data-widget_type=\"text-editor.default\">\n\t\t\t\t<div class=\"elementor-widget-container\">\n\t\t\t\t\t\t\t\t\t<p>Les ateliers de dessin de mod\u00e8le vivant au Grand Bazar \u00e0 Toulouse exposeront du 24 juin au 11 juillet 2025 . Le vernissage aura lieu le vendredi 27 juin 2025 \u00e0 20h.<\/p>\t\t\t\t\t\t\t\t<\/div>\n\t\t\t\t<\/div>\n\t\t\t\t<\/div>\n\t\t<div class=\"elementor-element elementor-element-6bd08af e-con-full e-flex e-con e-child\" data-id=\"6bd08af\" data-element_type=\"container\" data-e-type=\"container\">\n\t\t\t\t<div class=\"elementor-element elementor-element-d47b3e4 elementor-widget elementor-widget-image\" data-id=\"d47b3e4\" data-element_type=\"widget\" data-e-type=\"widget\" data-widget_type=\"image.default\">\n\t\t\t\t<div class=\"elementor-widget-container\">\n\t\t\t\t\t\t\t\t\t\t\t\t\t\t\t<img loading=\"lazy\" decoding=\"async\" width=\"600\" height=\"800\" src=\"https:\/\/graphisme-toulouse.fr\/wp-content\/uploads\/2025\/05\/affiche2-expo-dateliers-les-amis-de-la-gleysette-lacroix-falgarde-2025.png\" class=\"attachment-large size-large wp-image-4991\" alt=\"\" srcset=\"https:\/\/graphisme-toulouse.fr\/wp-content\/uploads\/2025\/05\/affiche2-expo-dateliers-les-amis-de-la-gleysette-lacroix-falgarde-2025.png 600w, https:\/\/graphisme-toulouse.fr\/wp-content\/uploads\/2025\/05\/affiche2-expo-dateliers-les-amis-de-la-gleysette-lacroix-falgarde-2025-225x300.png 225w\" sizes=\"(max-width: 600px) 100vw, 600px\" \/>\t\t\t\t\t\t\t\t\t\t\t\t\t\t\t<\/div>\n\t\t\t\t<\/div>\n\t\t\t\t<div class=\"elementor-element elementor-element-5e4319c elementor-widget elementor-widget-text-editor\" data-id=\"5e4319c\" data-element_type=\"widget\" data-e-type=\"widget\" data-widget_type=\"text-editor.default\">\n\t\t\t\t<div class=\"elementor-widget-container\">\n\t\t\t\t\t\t\t\t\t<p>Les ateliers de dessin et de mod\u00e8le vivant \u00e0 Lacroix -Falgarde exposeront en m\u00eame temps que l&rsquo;atelier de mosa\u00efque \u00e0 la Gleysette les 28 et 29 juin 2025. Nous pr\u00e9voyons le vernissage samedi 28 juin \u00e0 18h.<\/p>\t\t\t\t\t\t\t\t<\/div>\n\t\t\t\t<\/div>\n\t\t\t\t<\/div>\n\t\t\t\t\t<\/div>\n\t\t\t\t<\/div>\n\t\t<div class=\"elementor-element elementor-element-67cc698 e-flex e-con-boxed e-con e-parent\" data-id=\"67cc698\" data-element_type=\"container\" data-e-type=\"container\">\n\t\t\t\t\t<div class=\"e-con-inner\">\n\t\t\t\t<div class=\"elementor-element elementor-element-8e68002 elementor-widget elementor-widget-spacer\" data-id=\"8e68002\" data-element_type=\"widget\" data-e-type=\"widget\" data-widget_type=\"spacer.default\">\n\t\t\t\t<div class=\"elementor-widget-container\">\n\t\t\t\t\t\t\t<div class=\"elementor-spacer\">\n\t\t\t<div class=\"elementor-spacer-inner\"><\/div>\n\t\t<\/div>\n\t\t\t\t\t\t<\/div>\n\t\t\t\t<\/div>\n\t\t\t\t\t<\/div>\n\t\t\t\t<\/div>\n\t\t\t\t<section class=\"elementor-section elementor-top-section elementor-element elementor-element-83878c5 elementor-section-boxed elementor-section-height-default elementor-section-height-default\" data-id=\"83878c5\" data-element_type=\"section\" data-e-type=\"section\">\n\t\t\t\t\t\t<div class=\"elementor-container elementor-column-gap-default\">\n\t\t\t\t\t<div class=\"elementor-column elementor-col-100 elementor-top-column elementor-element elementor-element-b3e8d94\" data-id=\"b3e8d94\" data-element_type=\"column\" data-e-type=\"column\">\n\t\t\t<div class=\"elementor-widget-wrap elementor-element-populated\">\n\t\t\t\t\t\t<div class=\"elementor-element elementor-element-7752088 elementor-widget elementor-widget-heading\" data-id=\"7752088\" data-element_type=\"widget\" data-e-type=\"widget\" data-widget_type=\"heading.default\">\n\t\t\t\t<div class=\"elementor-widget-container\">\n\t\t\t\t\t<h1 class=\"elementor-heading-title elementor-size-default\">Nocturne du Mod\u00e8le Vivant 2024<\/h1>\t\t\t\t<\/div>\n\t\t\t\t<\/div>\n\t\t\t\t\t<\/div>\n\t\t<\/div>\n\t\t\t\t\t<\/div>\n\t\t<\/section>\n\t\t<div class=\"elementor-element elementor-element-4ce2e5b e-flex e-con-boxed e-con e-parent\" data-id=\"4ce2e5b\" data-element_type=\"container\" data-e-type=\"container\">\n\t\t\t\t\t<div class=\"e-con-inner\">\n\t\t<div class=\"elementor-element elementor-element-f3a64c2 e-con-full e-flex e-con e-child\" data-id=\"f3a64c2\" data-element_type=\"container\" data-e-type=\"container\">\n\t\t\t\t<div class=\"elementor-element elementor-element-c26e778 elementor-widget elementor-widget-image\" data-id=\"c26e778\" data-element_type=\"widget\" data-e-type=\"widget\" data-widget_type=\"image.default\">\n\t\t\t\t<div class=\"elementor-widget-container\">\n\t\t\t\t\t\t\t\t\t\t\t\t\t\t\t<img loading=\"lazy\" decoding=\"async\" width=\"768\" height=\"1024\" src=\"https:\/\/graphisme-toulouse.fr\/wp-content\/uploads\/2024\/10\/AFFICHE-NOCTURNE-DU-MODELE-VIVANT-3-MUSEUM-2024-768x1024.png\" class=\"attachment-large size-large wp-image-4711\" alt=\"\" srcset=\"https:\/\/graphisme-toulouse.fr\/wp-content\/uploads\/2024\/10\/AFFICHE-NOCTURNE-DU-MODELE-VIVANT-3-MUSEUM-2024-768x1024.png 768w, https:\/\/graphisme-toulouse.fr\/wp-content\/uploads\/2024\/10\/AFFICHE-NOCTURNE-DU-MODELE-VIVANT-3-MUSEUM-2024-225x300.png 225w, https:\/\/graphisme-toulouse.fr\/wp-content\/uploads\/2024\/10\/AFFICHE-NOCTURNE-DU-MODELE-VIVANT-3-MUSEUM-2024.png 1000w\" sizes=\"(max-width: 768px) 100vw, 768px\" \/>\t\t\t\t\t\t\t\t\t\t\t\t\t\t\t<\/div>\n\t\t\t\t<\/div>\n\t\t\t\t<\/div>\n\t\t<div class=\"elementor-element elementor-element-a593a43 e-con-full e-flex e-con e-child\" data-id=\"a593a43\" data-element_type=\"container\" data-e-type=\"container\">\n\t\t\t\t<div class=\"elementor-element elementor-element-11bb4da elementor-widget elementor-widget-text-editor\" data-id=\"11bb4da\" data-element_type=\"widget\" data-e-type=\"widget\" data-widget_type=\"text-editor.default\">\n\t\t\t\t<div class=\"elementor-widget-container\">\n\t\t\t\t\t\t\t\t\t<p>La Nocturne du Mod\u00e8le Vivant revient en 2024 pour une troisi\u00e8me \u00e9dition le vendredi 08 novembre de 19h \u00e0 minuit au Mus\u00e9um d&rsquo;Histoire Naturelle de Toulouse.<\/p><p>260 dessinateurs et 8 mod\u00e8les seront r\u00e9unis pour cet \u00e9v\u00e9nement spectaculaire!<\/p><p>Retrouvez toutes les infos concernant la NMV sur le site: <a href=\"https:\/\/nocturnedumodelevivant.fr\/\">nocturnedumodelevivant.fr<\/a><\/p>\t\t\t\t\t\t\t\t<\/div>\n\t\t\t\t<\/div>\n\t\t\t\t<div class=\"elementor-element elementor-element-2817b74 elementor-widget elementor-widget-image\" data-id=\"2817b74\" data-element_type=\"widget\" data-e-type=\"widget\" data-widget_type=\"image.default\">\n\t\t\t\t<div class=\"elementor-widget-container\">\n\t\t\t\t\t\t\t\t\t\t\t\t\t\t\t<img loading=\"lazy\" decoding=\"async\" width=\"1000\" height=\"1000\" src=\"https:\/\/graphisme-toulouse.fr\/wp-content\/uploads\/2024\/10\/6.png\" class=\"attachment-large size-large wp-image-4719\" alt=\"\" srcset=\"https:\/\/graphisme-toulouse.fr\/wp-content\/uploads\/2024\/10\/6.png 1000w, https:\/\/graphisme-toulouse.fr\/wp-content\/uploads\/2024\/10\/6-300x300.png 300w, https:\/\/graphisme-toulouse.fr\/wp-content\/uploads\/2024\/10\/6-150x150.png 150w, https:\/\/graphisme-toulouse.fr\/wp-content\/uploads\/2024\/10\/6-768x768.png 768w\" sizes=\"(max-width: 1000px) 100vw, 1000px\" \/>\t\t\t\t\t\t\t\t\t\t\t\t\t\t\t<\/div>\n\t\t\t\t<\/div>\n\t\t\t\t<\/div>\n\t\t\t\t\t<\/div>\n\t\t\t\t<\/div>\n\t\t<div class=\"elementor-element elementor-element-ad27422 e-flex e-con-boxed e-con e-parent\" data-id=\"ad27422\" data-element_type=\"container\" data-e-type=\"container\">\n\t\t\t\t\t<div class=\"e-con-inner\">\n\t\t\t\t<div class=\"elementor-element elementor-element-f78dec3 elementor-widget elementor-widget-spacer\" data-id=\"f78dec3\" data-element_type=\"widget\" data-e-type=\"widget\" data-widget_type=\"spacer.default\">\n\t\t\t\t<div class=\"elementor-widget-container\">\n\t\t\t\t\t\t\t<div class=\"elementor-spacer\">\n\t\t\t<div class=\"elementor-spacer-inner\"><\/div>\n\t\t<\/div>\n\t\t\t\t\t\t<\/div>\n\t\t\t\t<\/div>\n\t\t\t\t\t<\/div>\n\t\t\t\t<\/div>\n\t\t\t\t<section class=\"elementor-section elementor-top-section elementor-element elementor-element-c3047a3 elementor-section-boxed elementor-section-height-default elementor-section-height-default\" data-id=\"c3047a3\" data-element_type=\"section\" data-e-type=\"section\">\n\t\t\t\t\t\t<div class=\"elementor-container elementor-column-gap-default\">\n\t\t\t\t\t<div class=\"elementor-column elementor-col-100 elementor-top-column elementor-element elementor-element-44c84ab\" data-id=\"44c84ab\" data-element_type=\"column\" data-e-type=\"column\">\n\t\t\t<div class=\"elementor-widget-wrap elementor-element-populated\">\n\t\t\t\t\t\t<div class=\"elementor-element elementor-element-cd26d73 elementor-button-success elementor-align-center elementor-invisible elementor-widget elementor-widget-button\" data-id=\"cd26d73\" data-element_type=\"widget\" data-e-type=\"widget\" data-settings=\"{&quot;_animation&quot;:&quot;zoomIn&quot;}\" data-widget_type=\"button.default\">\n\t\t\t\t<div class=\"elementor-widget-container\">\n\t\t\t\t\t\t\t\t\t<div class=\"elementor-button-wrapper\">\n\t\t\t\t\t<a class=\"elementor-button elementor-button-link elementor-size-sm\" href=\"https:\/\/graphisme-toulouse.fr\/index.php\/cours\/\">\n\t\t\t\t\t\t<span class=\"elementor-button-content-wrapper\">\n\t\t\t\t\t\t\t\t\t<span class=\"elementor-button-text\">INFOS COURS DE DESSIN<\/span>\n\t\t\t\t\t<\/span>\n\t\t\t\t\t<\/a>\n\t\t\t\t<\/div>\n\t\t\t\t\t\t\t\t<\/div>\n\t\t\t\t<\/div>\n\t\t\t\t\t<\/div>\n\t\t<\/div>\n\t\t\t\t\t<\/div>\n\t\t<\/section>\n\t\t\t\t<\/div>\n\t\t","protected":false},"excerpt":{"rendered":"<p>Stages &amp; expos Stages de dessin de mod\u00e8le vivant juillet et aout 2026 S\u00c9ANCES LIBRES DE mod\u00e8le vivant samedi 4 juillet 2026 de 10h \u00e0 16h samedi 29 AOUt 2026&hellip;&nbsp;<a href=\"https:\/\/graphisme-toulouse.fr\/index.php\/stages-et-expos\/\" rel=\"bookmark\">Lire la suite &raquo;<span class=\"screen-reader-text\">Stages &#038; expos<\/span><\/a><\/p>\n","protected":false},"author":1,"featured_media":0,"parent":0,"menu_order":0,"comment_status":"closed","ping_status":"closed","template":"","meta":{"neve_meta_sidebar":"","neve_meta_container":"","neve_meta_enable_content_width":"","neve_meta_content_width":0,"neve_meta_title_alignment":"","neve_meta_author_avatar":"","neve_post_elements_order":"","neve_meta_disable_header":"","neve_meta_disable_footer":"","neve_meta_disable_title":"","_price":"","_stock":"","_tribe_ticket_header":"","_tribe_default_ticket_provider":"","_tribe_ticket_capacity":"0","_ticket_start_date":"","_ticket_end_date":"","_tribe_ticket_show_description":"","_tribe_ticket_show_not_going":false,"_tribe_ticket_use_global_stock":"","_tribe_ticket_global_stock_level":"","_global_stock_mode":"","_global_stock_cap":"","_tribe_rsvp_for_event":"","_tribe_ticket_going_count":"","_tribe_ticket_not_going_count":"","_tribe_tickets_list":"[]","_tribe_ticket_has_attendee_info_fields":false,"footnotes":"","_tec_slr_enabled":"","_tec_slr_layout":""},"class_list":["post-2046","page","type-page","status-publish","hentry"],"aioseo_notices":[],"ticketed":false,"_links":{"self":[{"href":"https:\/\/graphisme-toulouse.fr\/index.php\/wp-json\/wp\/v2\/pages\/2046","targetHints":{"allow":["GET"]}}],"collection":[{"href":"https:\/\/graphisme-toulouse.fr\/index.php\/wp-json\/wp\/v2\/pages"}],"about":[{"href":"https:\/\/graphisme-toulouse.fr\/index.php\/wp-json\/wp\/v2\/types\/page"}],"author":[{"embeddable":true,"href":"https:\/\/graphisme-toulouse.fr\/index.php\/wp-json\/wp\/v2\/users\/1"}],"replies":[{"embeddable":true,"href":"https:\/\/graphisme-toulouse.fr\/index.php\/wp-json\/wp\/v2\/comments?post=2046"}],"version-history":[{"count":273,"href":"https:\/\/graphisme-toulouse.fr\/index.php\/wp-json\/wp\/v2\/pages\/2046\/revisions"}],"predecessor-version":[{"id":5395,"href":"https:\/\/graphisme-toulouse.fr\/index.php\/wp-json\/wp\/v2\/pages\/2046\/revisions\/5395"}],"wp:attachment":[{"href":"https:\/\/graphisme-toulouse.fr\/index.php\/wp-json\/wp\/v2\/media?parent=2046"}],"curies":[{"name":"wp","href":"https:\/\/api.w.org\/{rel}","templated":true}]}}